{"id":514,"date":"2012-02-01T22:03:45","date_gmt":"2012-02-01T22:03:45","guid":{"rendered":"http:\/\/www.polskaszkolamanchester.org\/?page_id=514"},"modified":"2012-02-08T21:22:26","modified_gmt":"2012-02-08T21:22:26","slug":"nasz-patron","status":"publish","type":"page","link":"https:\/\/www.polskaszkolamanchester.org\/?page_id=514","title":{"rendered":"Nasz patron \u015bw. Stanis\u0142aw Kostka"},"content":{"rendered":"<p><a href=\"http:\/\/www.polskaszkolamanchester.org\/wp-content\/uploads\/2012\/02\/stkostka.jpg\"><img loading=\"lazy\" decoding=\"async\" class=\"size-full wp-image-515 alignleft\" style=\"margin: 5px;\" title=\"Stanis\u0142aw Kostka 1\" alt=\"\" width=\"208\" height=\"303\" src=\"http:\/\/www.polskaszkolamanchester.org\/wp-content\/uploads\/2012\/02\/stkostka.jpg\" srcset=\"https:\/\/www.polskaszkolamanchester.org\/wp-content\/uploads\/2012\/02\/stkostka.jpg 208w, https:\/\/www.polskaszkolamanchester.org\/wp-content\/uploads\/2012\/02\/stkostka-205x300.jpg 205w\" sizes=\"(max-width: 208px) 100vw, 208px\" \/><\/a><\/p>\n<p>By\u0142 synem Jana, kasztelana zakroczymskiego i Ma\u0142gorzaty z Kryskich, kt\u00f3rzy mieli 7 dzieci. Stanis\u0142aw by\u0142 drugim dzieckiem. Ochrzczony zosta\u0142 w ko\u015bciele parafialnym w Przasnyszu. Do 12 lat uczyli go rodzice, a nast\u0119pnie jego nauczycielem by\u0142 Jan Bili\u0144ski (Bieli\u0144ski).<\/p>\n<p>W wieku 14 lat razem ze starszym bratem Paw\u0142em zosta\u0142 wys\u0142any do szk\u00f3\u0142 jezuickich w Wiedniu. Stanis\u0142aw po\u0142\u0105czy\u0142 nauk\u0119 z \u017cyciem religijnym. W grudniu 1565 roku ci\u0119\u017cko zachorowa\u0142. Mia\u0142 w\u00f3wczas wizj\u0119, w kt\u00f3rej \u015bw. Barbara z dwoma anio\u0142ami przynios\u0142a mu Komuni\u0119 \u015awi\u0119t\u0105. Mia\u0142 te\u017c drug\u0105 wizj\u0119, w kt\u00f3rej Matka Bo\u017ca z Dzieci\u0105tkiem Jezus pochyla si\u0119 nad nim i sk\u0142ada mu w ramiona Dzieci\u0105tko.Rano wsta\u0142 zupe\u0142nie zdrowy.<\/p>\n<p>Stanis\u0142aw pragn\u0105\u0142 wst\u0105pi\u0107 do zakonu jezuit\u00f3w, ale nie uzyska\u0142 zezwolenia rodzic\u00f3w. W sierpniu 1567 roku, pieszo, w przebraniu, uciek\u0142 z Wiednia. W pogo\u0144 za nim ruszy\u0142 jego brat Pawe\u0142. Dotar\u0142 do Dillingen w Bawarii (oko\u0142o 650 km) i zg\u0142osi\u0142 si\u0119 do Piotra Kanizjusza. Ten wys\u0142a\u0142 go do Rzymu, gdzie Franciszek Borgiasz przyj\u0105\u0142 go 28 pa\u017adziernika 1567 roku do nowicjatu. Maj\u0105c 18 lat z\u0142o\u017cy\u0142 \u015bluby zakonne. 10 sierpnia 1568 roku nagle zachorowa\u0142 na malari\u0119 i zmar\u0142 15 sierpnia 1568 r. w Rzymie. Na jego pogrzeb przyby\u0142o bardzo wielu ludzi.&#160;(informacje za <a title=\"Wikipedia\" target=\"_blank\" href=\"http:\/\/pl.wikipedia.org\/wiki\/\u015aw._Stanis\u0142aw_Kostka\">Wikipedia<\/a>)<\/p>\n<p><a href=\"http:\/\/www.polskaszkolamanchester.org\/wp-content\/uploads\/2012\/02\/Sw-Stanislaw-Kostka.jpg\"><img loading=\"lazy\" decoding=\"async\" class=\"aligncenter size-full wp-image-516\" title=\"Sw Stanislaw Kostka\" alt=\"\" width=\"400\" height=\"533\" src=\"http:\/\/www.polskaszkolamanchester.org\/wp-content\/uploads\/2012\/02\/Sw-Stanislaw-Kostka.jpg\" srcset=\"https:\/\/www.polskaszkolamanchester.org\/wp-content\/uploads\/2012\/02\/Sw-Stanislaw-Kostka.jpg 400w, https:\/\/www.polskaszkolamanchester.org\/wp-content\/uploads\/2012\/02\/Sw-Stanislaw-Kostka-225x300.jpg 225w\" sizes=\"(max-width: 400px) 100vw, 400px\" \/><\/a><\/p>\n","protected":false},"excerpt":{"rendered":"<p>By\u0142 synem Jana, kasztelana zakroczymskiego i Ma\u0142gorzaty z Kryskich, kt\u00f3rzy mieli 7 dzieci. Stanis\u0142aw by\u0142 drugim dzieckiem. Ochrzczony zosta\u0142 w<\/p>\n","protected":false},"author":4,"featured_media":0,"parent":22,"menu_order":0,"comment_status":"closed","ping_status":"closed","template":"","meta":{"ngg_post_thumbnail":0,"footnotes":""},"_links":{"self":[{"href":"https:\/\/www.polskaszkolamanchester.org\/index.php?rest_route=\/wp\/v2\/pages\/514"}],"collection":[{"href":"https:\/\/www.polskaszkolamanchester.org\/index.php?rest_route=\/wp\/v2\/pages"}],"about":[{"href":"https:\/\/www.polskaszkolamanchester.org\/index.php?rest_route=\/wp\/v2\/types\/page"}],"author":[{"embeddable":true,"href":"https:\/\/www.polskaszkolamanchester.org\/index.php?rest_route=\/wp\/v2\/users\/4"}],"replies":[{"embeddable":true,"href":"https:\/\/www.polskaszkolamanchester.org\/index.php?rest_route=%2Fwp%2Fv2%2Fcomments&post=514"}],"version-history":[{"count":5,"href":"https:\/\/www.polskaszkolamanchester.org\/index.php?rest_route=\/wp\/v2\/pages\/514\/revisions"}],"predecessor-version":[{"id":518,"href":"https:\/\/www.polskaszkolamanchester.org\/index.php?rest_route=\/wp\/v2\/pages\/514\/revisions\/518"}],"up":[{"embeddable":true,"href":"https:\/\/www.polskaszkolamanchester.org\/index.php?rest_route=\/wp\/v2\/pages\/22"}],"wp:attachment":[{"href":"https:\/\/www.polskaszkolamanchester.org\/index.php?rest_route=%2Fwp%2Fv2%2Fmedia&parent=514"}],"curies":[{"name":"wp","href":"https:\/\/api.w.org\/{rel}","templated":true}]}}